{"id":21813,"date":"2022-01-03T13:52:22","date_gmt":"2022-01-03T12:52:22","guid":{"rendered":"https:\/\/slavej.mk\/?page_id=21813"},"modified":"2025-03-25T13:09:53","modified_gmt":"2025-03-25T12:09:53","slug":"zashtita-za-lichni-podatoczi","status":"publish","type":"page","link":"https:\/\/slavej.mk\/sq\/zashtita-za-lichni-podatoczi\/","title":{"rendered":"Mbrojtja e t\u00eb dh\u00ebnave personale"},"content":{"rendered":"<p><strong>Mbrojtja e t\u00eb dh\u00ebnave personale<\/strong><\/p>\n<p><img loading=\"lazy\" decoding=\"async\" style=\"font-size: 1rem; font-style: inherit; font-weight: inherit; color: var(--ast-global-color-3);\" src=\"https:\/\/slavej.mk\/wp-content\/uploads\/2021\/08\/favicon.png\" alt=\"\" width=\"16\" height=\"16\" \/> K\u00ebto mbrojtje t\u00eb t\u00eb dh\u00ebnave personale synojn\u00eb t\u00eb sqarojn\u00eb dhe shpjegojn\u00eb se ku dhe si ruhen t\u00eb dh\u00ebnat personale t\u00eb t\u00eb gjith\u00eb bler\u00ebsve t\u00eb regjistruar n\u00eb faqen ton\u00eb t\u00eb internetit dhe zbatohen vet\u00ebm p\u00ebr <a href=\"https:\/\/slavej.mk\/\">www.slavej.mk<\/a>\u00a0dhe n\u00ebndomenet.<br \/>\n<img loading=\"lazy\" decoding=\"async\" style=\"font-size: 1rem; font-style: inherit; font-weight: inherit; color: var(--ast-global-color-3);\" src=\"https:\/\/slavej.mk\/wp-content\/uploads\/2021\/08\/favicon.png\" alt=\"\" width=\"16\" height=\"16\" \/> \u00a0N\u00ebse ka nj\u00eb vjeg\u00ebz q\u00eb do t&#8217;ju lidh\u00eb me faqe t\u00eb tjera, ne nuk marrim asnj\u00eb p\u00ebrgjegj\u00ebsi n\u00eb lidhje me mbrojtjen e t\u00eb dh\u00ebnave personale t\u00eb ofruara nga ato faqe interneti ose kontrollor\u00ebt q\u00eb menaxhojn\u00eb faqet e tilla t\u00eb internetit.<br \/>\n<img loading=\"lazy\" decoding=\"async\" style=\"font-size: 1rem; font-style: inherit; font-weight: inherit; color: var(--ast-global-color-3);\" src=\"https:\/\/slavej.mk\/wp-content\/uploads\/2021\/08\/favicon.png\" alt=\"\" width=\"16\" height=\"16\" \/>\u00a0E drejta e privat\u00ebsis\u00eb dhe mbrojtja e t\u00eb dh\u00ebnave personale t\u00eb p\u00ebrdoruesve \u00ebsht\u00eb nj\u00eb prioritet n\u00eb pun\u00ebn e\u00a0<strong>Sllavej Sh. A \u2013\u00a0Shkup<\/strong>.<br \/>\n<img loading=\"lazy\" decoding=\"async\" style=\"font-size: 1rem; font-style: inherit; font-weight: inherit; color: var(--ast-global-color-3);\" src=\"https:\/\/slavej.mk\/wp-content\/uploads\/2021\/08\/favicon.png\" alt=\"\" width=\"16\" height=\"16\" \/>\u00a0Si kompani, ne i kushtojm\u00eb v\u00ebmendje t\u00eb madhe mbrojtjes s\u00eb t\u00eb dh\u00ebnave personale n\u00eb t\u00eb gjitha proceset tona t\u00eb biznesit, duke i zbatuar standardet e p\u00ebrcaktuara me rregulloret p\u00ebr privat\u00ebsin\u00eb dhe mbrojtjen e t\u00eb dh\u00ebnave personale n\u00eb Republik\u00ebn e Maqedonis\u00eb s\u00eb Veriut..<br \/>\n<img loading=\"lazy\" decoding=\"async\" style=\"font-size: 1rem; font-style: inherit; font-weight: inherit; color: var(--ast-global-color-3);\" src=\"https:\/\/slavej.mk\/wp-content\/uploads\/2021\/08\/favicon.png\" alt=\"\" width=\"16\" height=\"16\" \/>Ky Udh\u00ebzues duhet t\u00eb jet\u00eb nj\u00eb mjet praktik q\u00eb sqaron kuptimin e termave t\u00eb p\u00ebrdorur n\u00eb rregulloret p\u00ebr mbrojtjen e t\u00eb dh\u00ebnave personale; p\u00ebrpunon parimet e mbrojtjes s\u00eb t\u00eb dh\u00ebnave personale q\u00eb duhet t\u00eb merren parasysh gjat\u00eb \u00e7do p\u00ebrpunimi t\u00eb t\u00eb dh\u00ebnave personale t\u00eb p\u00ebrdoruesit dhe t\u00eb punonj\u00ebsit t\u00eb\u00a0<strong>Sllavejit<\/strong>.<br \/>\n<img loading=\"lazy\" decoding=\"async\" style=\"font-size: 1rem; font-style: inherit; font-weight: inherit; color: var(--ast-global-color-3);\" src=\"https:\/\/slavej.mk\/wp-content\/uploads\/2021\/08\/favicon.png\" alt=\"\" width=\"16\" height=\"16\" \/>\u00a0Duke hyr\u00eb n\u00eb faqen e internetit, ju konfirmoni se keni lexuar, kuptuar dhe pranuar kushtet e Politik\u00ebs s\u00eb privat\u00ebsis\u00eb.<\/p>\n<p><img loading=\"lazy\" decoding=\"async\" style=\"font-size: 1rem; font-style: inherit; font-weight: inherit; color: var(--ast-global-color-3);\" src=\"https:\/\/slavej.mk\/wp-content\/uploads\/2021\/08\/favicon.png\" alt=\"\" width=\"16\" height=\"16\" \/>\u00a0<strong>T\u00eb dh\u00ebnat personale q\u00eb merren:<\/strong><\/p>\n<ul>\n<li>\u00a0Emri dhe mbiemri<\/li>\n<li>\u00a0Posta elektronike<\/li>\n<li>\u00a0Adresa ku duhet t\u00eb d\u00ebrgohet porosia<\/li>\n<li>\u00a0Telefoni p\u00ebr kontakt<\/li>\n<\/ul>\n<p><img loading=\"lazy\" decoding=\"async\" style=\"color: var(--ast-global-color-3); font-size: 1rem; font-weight: inherit;\" src=\"https:\/\/slavej.mk\/wp-content\/uploads\/2021\/08\/favicon.png\" alt=\"\" width=\"16\" height=\"16\" \/> T\u00eb dh\u00ebnat q\u00eb i mbledhim dhe i mbajm\u00eb nuk do t\u00eb publikohen, shiten ose dor\u00ebzohen te pal\u00ebt e treta, p\u00ebrve\u00e7 autoriteteve kompetente, n\u00eb m\u00ebnyr\u00ebn e p\u00ebrcaktuar me dispozitat ligjore t\u00eb Republik\u00ebs s\u00eb Maqedonis\u00eb s\u00eb Veriut.<br \/>\n<img loading=\"lazy\" decoding=\"async\" style=\"font-size: 1rem; font-style: inherit; font-weight: inherit; color: var(--ast-global-color-3);\" src=\"https:\/\/slavej.mk\/wp-content\/uploads\/2021\/08\/favicon.png\" alt=\"\" width=\"16\" height=\"16\" \/> <strong>Sllavej Sh. A \u2013 Shkup <\/strong>rezervon t\u00eb drejt\u00ebn p\u00ebr t\u00eb p\u00ebrdorur adresat e IP dhe t\u00eb dh\u00ebna t\u00eb tjera t\u00eb p\u00ebrdoruesve p\u00ebr t\u00eb zbuluar identitetin e tyre gjat\u00eb zbatimit t\u00eb ligjit dhe t\u00eb procedurave ligjore.<br \/>\n<img loading=\"lazy\" decoding=\"async\" style=\"font-size: 1rem; font-style: inherit; font-weight: inherit; color: var(--ast-global-color-3);\" src=\"https:\/\/slavej.mk\/wp-content\/uploads\/2021\/08\/favicon.png\" alt=\"\" width=\"16\" height=\"16\" \/> Ju mund t\u00eb ndryshoni, p\u00ebrdit\u00ebsoni ose korrigjoni t\u00eb dh\u00ebnat dhe informacionet tuaja personale t\u00eb pasakta n\u00eb \u00e7do koh\u00eb.<\/p>\n<p><strong>Biskota<\/strong><\/p>\n<p><img loading=\"lazy\" decoding=\"async\" style=\"color: var(--ast-global-color-3); font-size: 1rem; font-style: inherit; font-weight: inherit;\" src=\"https:\/\/slavej.mk\/wp-content\/uploads\/2021\/08\/favicon.png\" alt=\"\" width=\"16\" height=\"16\" \/> \u00a0<strong>Sllavej<\/strong>\u00a0ju informon se kjo faqe p\u00ebrdor skedar\u00eb teksti t\u00eb quajtur <strong>&#8220;cookies&#8221;<\/strong>(biskota). Pa to, faqja nuk do t\u00eb funksionoj\u00eb si\u00e7 duhet dhe shum\u00eb nga mund\u00ebsit\u00eb nuk do t\u00eb mund t\u2019i shihni. &#8220;Biskotat&#8221; jan\u00eb skedar\u00eb t\u00eb vegj\u00ebl teksti q\u00eb ruhen n\u00eb kompjuterin ose pajisjen tuaj celulare kur vizitoni nj\u00eb faqe interneti. Biskotat ruajn\u00eb informacione rreth cil\u00ebsimeve t\u00eb shfletuesit tuaj t\u00eb internetit, si p.sh: gjuh\u00ebn, madh\u00ebsin\u00eb e shkronjave si dhe faktin q\u00eb tashm\u00eb keni vizituar faqe t\u00eb caktuara. N\u00eb k\u00ebt\u00eb m\u00ebnyr\u00eb, kur vizitoni p\u00ebrs\u00ebri t\u00eb nj\u00ebjt\u00ebn faqe, nuk keni pse t&#8217;i konfiguroni p\u00ebrs\u00ebri. Disa prej biskotave jan\u00eb t\u00eb nevojshme p\u00ebr funksionimin e faqeve, dhe disa sh\u00ebrbejn\u00eb gjithashtu p\u00ebr t\u00eb mbledhur t\u00eb dh\u00ebna statistikore.<br \/>\n<img loading=\"lazy\" decoding=\"async\" style=\"font-size: 1rem; font-style: inherit; font-weight: inherit; color: var(--ast-global-color-3);\" src=\"https:\/\/slavej.mk\/wp-content\/uploads\/2021\/08\/favicon.png\" alt=\"\" width=\"16\" height=\"16\" \/> Me ndihm\u00ebn e biskotave gjurmohet l\u00ebvizja e vizitor\u00ebve n\u00eb faqe. N\u00eb k\u00ebt\u00eb m\u00ebnyr\u00eb mblidhen t\u00eb dh\u00ebna p\u00ebr t\u00eb optimizuar dhe p\u00ebrmir\u00ebsuar funksionalitetin e faqes, duke mos e lidhur me t\u00eb dh\u00ebnat tuaja personale..<br \/>\n<img loading=\"lazy\" decoding=\"async\" style=\"font-size: 1rem; font-style: inherit; font-weight: inherit; color: var(--ast-global-color-3);\" src=\"https:\/\/slavej.mk\/wp-content\/uploads\/2021\/08\/favicon.png\" alt=\"\" width=\"16\" height=\"16\" \/> T\u00eb gjitha informacionet ql regjistrohen n\u00eb biskota,\u00a0<strong>Sllaveji<\/strong>\u00a0do t&#8217;i p\u00ebrdor\u00eb ato ekskluzivisht p\u00ebr nevojat e sh\u00ebrbimit t\u00eb internetit ose p\u00ebr nevoja statistikore n\u00eb nj\u00eb m\u00ebnyr\u00eb q\u00eb privat\u00ebsia juaj t\u00eb mos rrezikohet. N\u00ebse t\u00eb dh\u00ebnat tuaja personale duhet t\u00eb regjistrohen n\u00eb biskota, kjo do t\u00eb ndodh\u00eb me p\u00eblqimin tuaj paraprak.<br \/>\n<img loading=\"lazy\" decoding=\"async\" style=\"font-size: 1rem; font-style: inherit; font-weight: inherit; color: var(--ast-global-color-3);\" src=\"https:\/\/slavej.mk\/wp-content\/uploads\/2021\/08\/favicon.png\" alt=\"\" width=\"16\" height=\"16\" \/> Politika p\u00ebr m\u00ebnyr\u00ebn e p\u00ebrpunimit t\u00eb t\u00eb dh\u00ebnave personale p\u00ebr q\u00ebllime t\u00eb marketingut t\u00eb drejtp\u00ebrdrejt\u00eb.<br \/>\n<img loading=\"lazy\" decoding=\"async\" style=\"font-size: 1rem; font-style: inherit; font-weight: inherit; color: var(--ast-global-color-3);\" src=\"https:\/\/slavej.mk\/wp-content\/uploads\/2021\/08\/favicon.png\" alt=\"\" width=\"16\" height=\"16\" \/> Ne mund t\u00eb p\u00ebrdorim informacionin tuaj personal p\u00ebr t&#8217;ju d\u00ebrguar komunikime t\u00eb drejtp\u00ebrdrejta marketingu n\u00eb lidhje me produktet dhe sh\u00ebrbimet tona ose sh\u00ebrbimet tona t\u00eb lidhura, duke p\u00ebrfshir\u00eb njoftimet tona p\u00ebr produktet tona m\u00eb t\u00eb fundit dhe ngjarjet e ardhshme..<br \/>\n<img loading=\"lazy\" decoding=\"async\" style=\"font-size: 1rem; font-style: inherit; font-weight: inherit; color: var(--ast-global-color-3);\" src=\"https:\/\/slavej.mk\/wp-content\/uploads\/2021\/08\/favicon.png\" alt=\"\" width=\"16\" height=\"16\" \/> Kjo mund t\u00eb b\u00ebhet n\u00eb form\u00ebn e emailit, postimit, SMS, telefonat\u00ebs ose reklamimit t\u00eb synuar n\u00eb internet.<br \/>\n<img loading=\"lazy\" decoding=\"async\" style=\"font-size: 1rem; font-style: inherit; font-weight: inherit; color: var(--ast-global-color-3);\" src=\"https:\/\/slavej.mk\/wp-content\/uploads\/2021\/08\/favicon.png\" alt=\"\" width=\"16\" height=\"16\" \/>Bazuar n\u00eb t\u00eb dh\u00ebnat q\u00eb mbajm\u00eb p\u00ebr ju, ne e kufizojm\u00eb marketingun e drejtp\u00ebrdrejt\u00eb n\u00eb nj\u00eb nivel t\u00eb arsyesh\u00ebm dhe proporcional dhe ju d\u00ebrgojm\u00eb komunikime q\u00eb mendojm\u00eb se do t\u00eb jen\u00eb interesante dhe t\u00eb r\u00ebnd\u00ebsishme p\u00ebr ju.<br \/>\n<img loading=\"lazy\" decoding=\"async\" style=\"color: var(--ast-global-color-3); font-size: 1rem; font-style: inherit; font-weight: inherit;\" src=\"https:\/\/slavej.mk\/wp-content\/uploads\/2021\/08\/favicon.png\" alt=\"\" width=\"16\" height=\"16\" \/>Ne i p\u00ebrdorim t\u00eb dh\u00ebnat tuaja personale p\u00ebr q\u00ebllime t\u00eb marketingut t\u00eb drejtp\u00ebrdrejt\u00eb vet\u00ebm n\u00eb baz\u00eb t\u00eb p\u00eblqimit tuaj p\u00ebr p\u00ebrpunimin e t\u00eb dh\u00ebnave tuaja p\u00ebr q\u00ebllime t\u00eb marketingut t\u00eb drejtp\u00ebrdrejt\u00eb, t\u00eb cilin ju keni t\u00eb drejt\u00eb t&#8217;i jepni gjat\u00eb qasjes dhe p\u00ebrdorimit t\u00eb t\u00eb nj\u00ebjtit.<br \/>\n<img loading=\"lazy\" decoding=\"async\" style=\"color: var(--ast-global-color-3); font-size: 1rem; font-style: inherit; font-weight: inherit;\" src=\"https:\/\/slavej.mk\/wp-content\/uploads\/2021\/08\/favicon.png\" alt=\"\" width=\"16\" height=\"16\" \/>Ju keni t\u00eb drejt\u00eb n\u00eb \u00e7do koh\u00eb t\u00eb na k\u00ebrkoni q\u00eb t\u00eb mos ju d\u00ebrgojm\u00eb komunikime marketingu dhe t\u00eb mos p\u00ebrdorim t\u00eb dh\u00ebnat tuaja personale gjat\u00eb profilizimit p\u00ebr q\u00ebllime t\u00eb marketingut t\u00eb drejtp\u00ebrdrejt\u00eb.<br \/>\n<img loading=\"lazy\" decoding=\"async\" style=\"color: var(--ast-global-color-3); font-size: 1rem; font-style: inherit; font-weight: inherit;\" src=\"https:\/\/slavej.mk\/wp-content\/uploads\/2021\/08\/favicon.png\" alt=\"\" width=\"16\" height=\"16\" \/>\u00a0Ose, mund t&#8217;i ushtroni t\u00eb drejtat tuaja n\u00eb nj\u00eb m\u00ebnyr\u00eb t\u00eb thjesht\u00eb duke kontaktuar:<br \/>\nAdresa e emailit:\u00a0<a href=\"mailto:grizaza\">grizaza<\/a>korisnici@slavej.mk<br \/>\n<img loading=\"lazy\" decoding=\"async\" style=\"color: var(--ast-global-color-3); font-size: 1rem; font-style: inherit; font-weight: inherit;\" src=\"https:\/\/slavej.mk\/wp-content\/uploads\/2021\/08\/favicon.png\" alt=\"\" width=\"16\" height=\"16\" \/><strong>Kjo politik\u00eb e privat\u00ebsis\u00eb hyn n\u00eb fuqi nga janari 2022.<\/strong><br \/>\nNdryshimet n\u00eb politik\u00ebn e privat\u00ebsis\u00eb do t\u00eb shpallen publikisht n\u00eb faqen <a href=\"http:\/\/www.slavej.mk\">www.slavej.mk<\/a> t\u00eb pakt\u00ebn 10 dit\u00eb para hyrjes n\u00eb fuqi.<\/p>\n<p><a role=\"button\" href=\"https:\/\/slavej.mk\/uslovi-i-pravila-za-kupuvane\/\"><br \/>\n\u0423\u0441\u043b\u043e\u0432\u0438 \u0438 \u043f\u0440\u0430\u0432\u0438\u043b\u0430 \u0437\u0430 \u043a\u0443\u043f\u0443\u0432\u0430\u045a\u0435<br \/>\n<\/a><br \/>\n<a role=\"button\" href=\"https:\/\/slavej.mk\/opsti-pravila-i-uslovi\/\"><br \/>\n\u041e\u043f\u0448\u0442\u0438 \u043f\u0440\u0430\u0432\u0438\u043b\u0430 \u0438 \u0443\u0441\u043b\u043e\u0432\u0438<br \/>\n<\/a><\/p>\n","protected":false},"excerpt":{"rendered":"<p>Mbrojtja e t\u00eb dh\u00ebnave personale K\u00ebto mbrojtje t\u00eb t\u00eb dh\u00ebnave personale synojn\u00eb t\u00eb sqarojn\u00eb dhe shpjegojn\u00eb se ku dhe si ruhen t\u00eb dh\u00ebnat personale t\u00eb t\u00eb gjith\u00eb bler\u00ebsve t\u00eb regjistruar n\u00eb faqen ton\u00eb t\u00eb internetit dhe zbatohen vet\u00ebm p\u00ebr www.slavej.mk\u00a0dhe n\u00ebndomenet. \u00a0N\u00ebse ka nj\u00eb vjeg\u00ebz q\u00eb do t&#8217;ju lidh\u00eb me faqe t\u00eb tjera, ne nuk [&hellip;]<\/p>\n","protected":false},"author":188,"featured_media":0,"parent":0,"menu_order":0,"comment_status":"closed","ping_status":"closed","template":"templates\/generic.php","meta":{"footnotes":""},"class_list":["post-21813","page","type-page","status-publish","hentry"],"yoast_head":"<!-- This site is optimized with the Yoast SEO plugin v26.3 - https:\/\/yoast.com\/wordpress\/plugins\/seo\/ -->\n<title>Mbrojtja e t\u00eb dh\u00ebnave personale - Slavej<\/title>\n<meta name=\"robots\" content=\"index, follow, max-snippet:-1, max-image-preview:large, max-video-preview:-1\" \/>\n<link rel=\"canonical\" href=\"https:\/\/slavej.mk\/sq\/zashtita-za-lichni-podatoczi\/\" \/>\n<meta property=\"og:locale\" content=\"sq_AL\" \/>\n<meta property=\"og:type\" content=\"article\" \/>\n<meta property=\"og:title\" content=\"Mbrojtja e t\u00eb dh\u00ebnave personale - Slavej\" \/>\n<meta property=\"og:description\" content=\"Mbrojtja e t\u00eb dh\u00ebnave personale K\u00ebto mbrojtje t\u00eb t\u00eb dh\u00ebnave personale synojn\u00eb t\u00eb sqarojn\u00eb dhe shpjegojn\u00eb se ku dhe si ruhen t\u00eb dh\u00ebnat personale t\u00eb t\u00eb gjith\u00eb bler\u00ebsve t\u00eb regjistruar n\u00eb faqen ton\u00eb t\u00eb internetit dhe zbatohen vet\u00ebm p\u00ebr www.slavej.mk\u00a0dhe n\u00ebndomenet. \u00a0N\u00ebse ka nj\u00eb vjeg\u00ebz q\u00eb do t&#8217;ju lidh\u00eb me faqe t\u00eb tjera, ne nuk [&hellip;]\" \/>\n<meta property=\"og:url\" content=\"https:\/\/slavej.mk\/sq\/zashtita-za-lichni-podatoczi\/\" \/>\n<meta property=\"og:site_name\" content=\"Slavej\" \/>\n<meta property=\"article:modified_time\" content=\"2025-03-25T12:09:53+00:00\" \/>\n<meta property=\"og:image\" content=\"https:\/\/slavej.mk\/wp-content\/uploads\/2021\/08\/favicon.png\" \/>\n<meta name=\"twitter:card\" content=\"summary_large_image\" \/>\n<meta name=\"twitter:label1\" content=\"Est. reading time\" \/>\n\t<meta name=\"twitter:data1\" content=\"9 minutes\" \/>\n<script type=\"application\/ld+json\" class=\"yoast-schema-graph\">{\"@context\":\"https:\/\/schema.org\",\"@graph\":[{\"@type\":\"WebPage\",\"@id\":\"https:\/\/slavej.mk\/sq\/zashtita-za-lichni-podatoczi\/\",\"url\":\"https:\/\/slavej.mk\/sq\/zashtita-za-lichni-podatoczi\/\",\"name\":\"Mbrojtja e t\u00eb dh\u00ebnave personale - Slavej\",\"isPartOf\":{\"@id\":\"https:\/\/slavej.mk\/#website\"},\"primaryImageOfPage\":{\"@id\":\"https:\/\/slavej.mk\/sq\/zashtita-za-lichni-podatoczi\/#primaryimage\"},\"image\":{\"@id\":\"https:\/\/slavej.mk\/sq\/zashtita-za-lichni-podatoczi\/#primaryimage\"},\"thumbnailUrl\":\"https:\/\/slavej.mk\/wp-content\/uploads\/2021\/08\/favicon.png\",\"datePublished\":\"2022-01-03T12:52:22+00:00\",\"dateModified\":\"2025-03-25T12:09:53+00:00\",\"breadcrumb\":{\"@id\":\"https:\/\/slavej.mk\/sq\/zashtita-za-lichni-podatoczi\/#breadcrumb\"},\"inLanguage\":\"sq-AL\",\"potentialAction\":[{\"@type\":\"ReadAction\",\"target\":[\"https:\/\/slavej.mk\/sq\/zashtita-za-lichni-podatoczi\/\"]}]},{\"@type\":\"ImageObject\",\"inLanguage\":\"sq-AL\",\"@id\":\"https:\/\/slavej.mk\/sq\/zashtita-za-lichni-podatoczi\/#primaryimage\",\"url\":\"https:\/\/slavej.mk\/wp-content\/uploads\/2021\/08\/favicon.png\",\"contentUrl\":\"https:\/\/slavej.mk\/wp-content\/uploads\/2021\/08\/favicon.png\"},{\"@type\":\"BreadcrumbList\",\"@id\":\"https:\/\/slavej.mk\/sq\/zashtita-za-lichni-podatoczi\/#breadcrumb\",\"itemListElement\":[{\"@type\":\"ListItem\",\"position\":1,\"name\":\"Home\",\"item\":\"https:\/\/slavej.mk\/\"},{\"@type\":\"ListItem\",\"position\":2,\"name\":\"Mbrojtja e t\u00eb dh\u00ebnave personale\"}]},{\"@type\":\"WebSite\",\"@id\":\"https:\/\/slavej.mk\/#website\",\"url\":\"https:\/\/slavej.mk\/\",\"name\":\"Slavej\",\"description\":\"\",\"publisher\":{\"@id\":\"https:\/\/slavej.mk\/#organization\"},\"potentialAction\":[{\"@type\":\"SearchAction\",\"target\":{\"@type\":\"EntryPoint\",\"urlTemplate\":\"https:\/\/slavej.mk\/?s={search_term_string}\"},\"query-input\":{\"@type\":\"PropertyValueSpecification\",\"valueRequired\":true,\"valueName\":\"search_term_string\"}}],\"inLanguage\":\"sq-AL\"},{\"@type\":\"Organization\",\"@id\":\"https:\/\/slavej.mk\/#organization\",\"name\":\"Slavej\",\"url\":\"https:\/\/slavej.mk\/\",\"logo\":{\"@type\":\"ImageObject\",\"inLanguage\":\"sq-AL\",\"@id\":\"https:\/\/slavej.mk\/#\/schema\/logo\/image\/\",\"url\":\"\",\"contentUrl\":\"\",\"caption\":\"Slavej\"},\"image\":{\"@id\":\"https:\/\/slavej.mk\/#\/schema\/logo\/image\/\"}}]}<\/script>\n<!-- \/ Yoast SEO plugin. -->","yoast_head_json":{"title":"Mbrojtja e t\u00eb dh\u00ebnave personale - Slavej","robots":{"index":"index","follow":"follow","max-snippet":"max-snippet:-1","max-image-preview":"max-image-preview:large","max-video-preview":"max-video-preview:-1"},"canonical":"https:\/\/slavej.mk\/sq\/zashtita-za-lichni-podatoczi\/","og_locale":"sq_AL","og_type":"article","og_title":"Mbrojtja e t\u00eb dh\u00ebnave personale - Slavej","og_description":"Mbrojtja e t\u00eb dh\u00ebnave personale K\u00ebto mbrojtje t\u00eb t\u00eb dh\u00ebnave personale synojn\u00eb t\u00eb sqarojn\u00eb dhe shpjegojn\u00eb se ku dhe si ruhen t\u00eb dh\u00ebnat personale t\u00eb t\u00eb gjith\u00eb bler\u00ebsve t\u00eb regjistruar n\u00eb faqen ton\u00eb t\u00eb internetit dhe zbatohen vet\u00ebm p\u00ebr www.slavej.mk\u00a0dhe n\u00ebndomenet. \u00a0N\u00ebse ka nj\u00eb vjeg\u00ebz q\u00eb do t&#8217;ju lidh\u00eb me faqe t\u00eb tjera, ne nuk [&hellip;]","og_url":"https:\/\/slavej.mk\/sq\/zashtita-za-lichni-podatoczi\/","og_site_name":"Slavej","article_modified_time":"2025-03-25T12:09:53+00:00","og_image":[{"url":"https:\/\/slavej.mk\/wp-content\/uploads\/2021\/08\/favicon.png","type":"","width":"","height":""}],"twitter_card":"summary_large_image","twitter_misc":{"Est. reading time":"9 minutes"},"schema":{"@context":"https:\/\/schema.org","@graph":[{"@type":"WebPage","@id":"https:\/\/slavej.mk\/sq\/zashtita-za-lichni-podatoczi\/","url":"https:\/\/slavej.mk\/sq\/zashtita-za-lichni-podatoczi\/","name":"Mbrojtja e t\u00eb dh\u00ebnave personale - Slavej","isPartOf":{"@id":"https:\/\/slavej.mk\/#website"},"primaryImageOfPage":{"@id":"https:\/\/slavej.mk\/sq\/zashtita-za-lichni-podatoczi\/#primaryimage"},"image":{"@id":"https:\/\/slavej.mk\/sq\/zashtita-za-lichni-podatoczi\/#primaryimage"},"thumbnailUrl":"https:\/\/slavej.mk\/wp-content\/uploads\/2021\/08\/favicon.png","datePublished":"2022-01-03T12:52:22+00:00","dateModified":"2025-03-25T12:09:53+00:00","breadcrumb":{"@id":"https:\/\/slavej.mk\/sq\/zashtita-za-lichni-podatoczi\/#breadcrumb"},"inLanguage":"sq-AL","potentialAction":[{"@type":"ReadAction","target":["https:\/\/slavej.mk\/sq\/zashtita-za-lichni-podatoczi\/"]}]},{"@type":"ImageObject","inLanguage":"sq-AL","@id":"https:\/\/slavej.mk\/sq\/zashtita-za-lichni-podatoczi\/#primaryimage","url":"https:\/\/slavej.mk\/wp-content\/uploads\/2021\/08\/favicon.png","contentUrl":"https:\/\/slavej.mk\/wp-content\/uploads\/2021\/08\/favicon.png"},{"@type":"BreadcrumbList","@id":"https:\/\/slavej.mk\/sq\/zashtita-za-lichni-podatoczi\/#breadcrumb","itemListElement":[{"@type":"ListItem","position":1,"name":"Home","item":"https:\/\/slavej.mk\/"},{"@type":"ListItem","position":2,"name":"Mbrojtja e t\u00eb dh\u00ebnave personale"}]},{"@type":"WebSite","@id":"https:\/\/slavej.mk\/#website","url":"https:\/\/slavej.mk\/","name":"Slavej","description":"","publisher":{"@id":"https:\/\/slavej.mk\/#organization"},"potentialAction":[{"@type":"SearchAction","target":{"@type":"EntryPoint","urlTemplate":"https:\/\/slavej.mk\/?s={search_term_string}"},"query-input":{"@type":"PropertyValueSpecification","valueRequired":true,"valueName":"search_term_string"}}],"inLanguage":"sq-AL"},{"@type":"Organization","@id":"https:\/\/slavej.mk\/#organization","name":"Slavej","url":"https:\/\/slavej.mk\/","logo":{"@type":"ImageObject","inLanguage":"sq-AL","@id":"https:\/\/slavej.mk\/#\/schema\/logo\/image\/","url":"","contentUrl":"","caption":"Slavej"},"image":{"@id":"https:\/\/slavej.mk\/#\/schema\/logo\/image\/"}}]}},"_links":{"self":[{"href":"https:\/\/slavej.mk\/sq\/wp-json\/wp\/v2\/pages\/21813","targetHints":{"allow":["GET"]}}],"collection":[{"href":"https:\/\/slavej.mk\/sq\/wp-json\/wp\/v2\/pages"}],"about":[{"href":"https:\/\/slavej.mk\/sq\/wp-json\/wp\/v2\/types\/page"}],"author":[{"embeddable":true,"href":"https:\/\/slavej.mk\/sq\/wp-json\/wp\/v2\/users\/188"}],"replies":[{"embeddable":true,"href":"https:\/\/slavej.mk\/sq\/wp-json\/wp\/v2\/comments?post=21813"}],"version-history":[{"count":3,"href":"https:\/\/slavej.mk\/sq\/wp-json\/wp\/v2\/pages\/21813\/revisions"}],"predecessor-version":[{"id":21861,"href":"https:\/\/slavej.mk\/sq\/wp-json\/wp\/v2\/pages\/21813\/revisions\/21861"}],"wp:attachment":[{"href":"https:\/\/slavej.mk\/sq\/wp-json\/wp\/v2\/media?parent=21813"}],"curies":[{"name":"wp","href":"https:\/\/api.w.org\/{rel}","templated":true}]}}